{"id":528,"date":"2016-10-03T21:58:37","date_gmt":"2016-10-04T01:58:37","guid":{"rendered":"https:\/\/www.fvdrc.com\/?page_id=528\/"},"modified":"2024-06-13T15:56:33","modified_gmt":"2024-06-13T19:56:33","slug":"junta-directiva","status":"publish","type":"page","link":"https:\/\/fvdrc.com\/es\/acerca-de\/junta-directiva\/","title":{"rendered":"Junta Directiva"},"content":{"rendered":"\n<p>La Junta Directiva elegida y el Presidente establecen las pol\u00edticas, los estatutos y las normas de comercio de la DRC. La junta est\u00e1 integrada por el Presidente de la DRC y Directores, representando a los tres pa\u00edses del TLCAN: Canad\u00e1, EE. UU. y M\u00e9xico. Al Presidente se le considera como Director ex oficio sin derecho a voto y tiene la responsabilidad de supervisar las operaciones diarias de la DRC.<\/p>\n\n\n\n<p><strong>La junta directiva de la Corporaci\u00f3n de Soluci\u00f3n de Controversias sobre Frutas y Hortalizas es:<\/strong><\/p>\n\n\n\t\t<div class=\"fvdrc-post-lists bod-team-list\">\r\n\t\t\t\t\t\t<div class=\"fvdrc-post-list post-list-3573\">\r\n\t\t\t\t\t\t\t\t\t<div class=\"post-title\">\r\n\t\t\t\t\t\t\t\t\t\t\t\t\t<h3>Bret Erickson<\/h3>\r\n\t\t\t\t\t\t\t\t\t\t\t<\/div>\r\n\t\t\t\t\t<div class=\"post-content\">\t\t\t\t\t\t\t<div class=\"post-content-title\">\r\n\t\t\t\t\t\t\t\tPresidente\t\t\t\t\t\t\t<\/div>\r\n\t\t\t\t\t\t\t\t\t\t\t\t\t\t<div class=\"post-content-company_name\">\r\n\t\t\t\t\t\t\t\tLittle Bear Produce Inc.\t\t\t\t\t\t\t<\/div>\r\n\t\t\t\t\t\t\t<\/div><!-- .post-content -->\t\t\t<\/div><!-- .fvdrc-post-list -->\r\n\t\t\t\n\t\t\t<div class=\"fvdrc-post-list post-list-3565\">\r\n\t\t\t\t\t\t\t\t\t<div class=\"post-title\">\r\n\t\t\t\t\t\t\t\t\t\t\t\t\t<h3>George Pitsikoulis<\/h3>\r\n\t\t\t\t\t\t\t\t\t\t\t<\/div>\r\n\t\t\t\t\t<div class=\"post-content\">\t\t\t\t\t\t\t<div class=\"post-content-title\">\r\n\t\t\t\t\t\t\t\tVicepresidente\t\t\t\t\t\t\t<\/div>\r\n\t\t\t\t\t\t\t\t\t\t\t\t\t\t<div class=\"post-content-company_name\">\r\n\t\t\t\t\t\t\t\tCanadawide Fruit Wholesalers Inc\t\t\t\t\t\t\t<\/div>\r\n\t\t\t\t\t\t\t<\/div><!-- .post-content -->\t\t\t<\/div><!-- .fvdrc-post-list -->\r\n\t\t\t\n\t\t\t<div class=\"fvdrc-post-list post-list-3577\">\r\n\t\t\t\t\t\t\t\t\t<div class=\"post-title\">\r\n\t\t\t\t\t\t\t\t\t\t\t\t\t<h3>Gerardo Mena Prieto<\/h3>\r\n\t\t\t\t\t\t\t\t\t\t\t<\/div>\r\n\t\t\t\t\t<div class=\"post-content\">\t\t\t\t\t\t\t<div class=\"post-content-title\">\r\n\t\t\t\t\t\t\t\tVicepresidente\t\t\t\t\t\t\t<\/div>\r\n\t\t\t\t\t\t\t\t\t\t\t\t\t\t<div class=\"post-content-company_name\">\r\n\t\t\t\t\t\t\t\tFrutas San Antonio, S.A. DE C.V.\t\t\t\t\t\t\t<\/div>\r\n\t\t\t\t\t\t\t<\/div><!-- .post-content -->\t\t\t<\/div><!-- .fvdrc-post-list -->\r\n\t\t\t\n\t\t\t<div class=\"fvdrc-post-list post-list-3563\">\r\n\t\t\t\t\t\t\t\t\t<div class=\"post-title\">\r\n\t\t\t\t\t\t\t\t\t\t\t\t\t<h3>Anthony Martin<\/h3>\r\n\t\t\t\t\t\t\t\t\t\t\t<\/div>\r\n\t\t\t\t\t<div class=\"post-content\">\t\t\t\t\t\t\t<div class=\"post-content-title\">\r\n\t\t\t\t\t\t\t\tDirector\t\t\t\t\t\t\t<\/div>\r\n\t\t\t\t\t\t\t\t\t\t\t\t\t\t<div class=\"post-content-company_name\">\r\n\t\t\t\t\t\t\t\tEjecutivo Financiero\t\t\t\t\t\t\t<\/div>\r\n\t\t\t\t\t\t\t<\/div><!-- .post-content -->\t\t\t<\/div><!-- .fvdrc-post-list -->\r\n\t\t\t\n\t\t\t<div class=\"fvdrc-post-list post-list-3734\">\r\n\t\t\t\t\t\t\t\t\t<div class=\"post-title\">\r\n\t\t\t\t\t\t\t\t\t\t\t\t\t<h3>Bryan Nickerson<\/h3>\r\n\t\t\t\t\t\t\t\t\t\t\t<\/div>\r\n\t\t\t\t\t<div class=\"post-content\">\t\t\t\t\t\t\t<div class=\"post-content-title\">\r\n\t\t\t\t\t\t\t\tDirector\t\t\t\t\t\t\t<\/div>\r\n\t\t\t\t\t\t\t\t\t\t\t\t\t\t<div class=\"post-content-company_name\">\r\n\t\t\t\t\t\t\t\tWestern Growers\t\t\t\t\t\t\t<\/div>\r\n\t\t\t\t\t\t\t<\/div><!-- .post-content -->\t\t\t<\/div><!-- .fvdrc-post-list -->\r\n\t\t\t\n\t\t\t<div class=\"fvdrc-post-list post-list-5478\">\r\n\t\t\t\t\t\t\t\t\t<div class=\"post-title\">\r\n\t\t\t\t\t\t\t\t\t\t\t\t\t<h3>Cara Porter<\/h3>\r\n\t\t\t\t\t\t\t\t\t\t\t<\/div>\r\n\t\t\t\t\t<div class=\"post-content\">\t\t\t\t\t\t\t<div class=\"post-content-title\">\r\n\t\t\t\t\t\t\t\tDirector\t\t\t\t\t\t\t<\/div>\r\n\t\t\t\t\t\t\t\t\t\t\t\t\t\t<div class=\"post-content-company_name\">\r\n\t\t\t\t\t\t\t\tLoblaw Companies Limited\t\t\t\t\t\t\t<\/div>\r\n\t\t\t\t\t\t\t<\/div><!-- .post-content -->\t\t\t<\/div><!-- .fvdrc-post-list -->\r\n\t\t\t\n\t\t\t<div class=\"fvdrc-post-list post-list-5481\">\r\n\t\t\t\t\t\t\t\t\t<div class=\"post-title\">\r\n\t\t\t\t\t\t\t\t\t\t\t\t\t<h3>Felipe Silva<\/h3>\r\n\t\t\t\t\t\t\t\t\t\t\t<\/div>\r\n\t\t\t\t\t<div class=\"post-content\">\t\t\t\t\t\t\t<div class=\"post-content-title\">\r\n\t\t\t\t\t\t\t\tDirector\t\t\t\t\t\t\t<\/div>\r\n\t\t\t\t\t\t\t\t\t\t\t\t\t\t<div class=\"post-content-company_name\">\r\n\t\t\t\t\t\t\t\t ZURGROUP S.A.\t\t\t\t\t\t\t<\/div>\r\n\t\t\t\t\t\t\t<\/div><!-- .post-content -->\t\t\t<\/div><!-- .fvdrc-post-list -->\r\n\t\t\t\n\t\t\t<div class=\"fvdrc-post-list post-list-3579\">\r\n\t\t\t\t\t\t\t\t\t<div class=\"post-title\">\r\n\t\t\t\t\t\t\t\t\t\t\t\t\t<h3>Gonzalo Aguilar Guizar<\/h3>\r\n\t\t\t\t\t\t\t\t\t\t\t<\/div>\r\n\t\t\t\t\t<div class=\"post-content\">\t\t\t\t\t\t\t<div class=\"post-content-title\">\r\n\t\t\t\t\t\t\t\tDirector\t\t\t\t\t\t\t<\/div>\r\n\t\t\t\t\t\t\t\t\t\t\t\t\t\t<div class=\"post-content-company_name\">\r\n\t\t\t\t\t\t\t\tGrupo Empaque Roquin\t\t\t\t\t\t\t<\/div>\r\n\t\t\t\t\t\t\t<\/div><!-- .post-content -->\t\t\t<\/div><!-- .fvdrc-post-list -->\r\n\t\t\t\n\t\t\t<div class=\"fvdrc-post-list post-list-3571\">\r\n\t\t\t\t\t\t\t\t\t<div class=\"post-title\">\r\n\t\t\t\t\t\t\t\t\t\t\t\t\t<h3>Mike Stuart<\/h3>\r\n\t\t\t\t\t\t\t\t\t\t\t<\/div>\r\n\t\t\t\t\t<div class=\"post-content\">\t\t\t\t\t\t\t<div class=\"post-content-title\">\r\n\t\t\t\t\t\t\t\tDirector\t\t\t\t\t\t\t<\/div>\r\n\t\t\t\t\t\t\t\t\t\t\t\t\t\t<div class=\"post-content-company_name\">\r\n\t\t\t\t\t\t\t\tFlorida Fruit &amp; Vegetable Association\t\t\t\t\t\t\t<\/div>\r\n\t\t\t\t\t\t\t<\/div><!-- .post-content -->\t\t\t<\/div><!-- .fvdrc-post-list -->\r\n\t\t\t\n\t\t\t<div class=\"fvdrc-post-list post-list-3559\">\r\n\t\t\t\t\t\t\t\t\t<div class=\"post-title\">\r\n\t\t\t\t\t\t\t\t\t\t\t\t\t<h3>Patrice Marchand<\/h3>\r\n\t\t\t\t\t\t\t\t\t\t\t<\/div>\r\n\t\t\t\t\t<div class=\"post-content\">\t\t\t\t\t\t\t<div class=\"post-content-title\">\r\n\t\t\t\t\t\t\t\tDirector\t\t\t\t\t\t\t<\/div>\r\n\t\t\t\t\t\t\t\t\t\t\t\t\t\t<div class=\"post-content-company_name\">\r\n\t\t\t\t\t\t\t\tMetro Richelieu Inc.\t\t\t\t\t\t\t<\/div>\r\n\t\t\t\t\t\t\t<\/div><!-- .post-content -->\t\t\t<\/div><!-- .fvdrc-post-list -->\r\n\t\t\t\n\t\t\t<div class=\"fvdrc-post-list post-list-3561\">\r\n\t\t\t\t\t\t\t\t\t<div class=\"post-title\">\r\n\t\t\t\t\t\t\t\t\t\t\t\t\t<h3>Pierre Dolbec<\/h3>\r\n\t\t\t\t\t\t\t\t\t\t\t<\/div>\r\n\t\t\t\t\t<div class=\"post-content\">\t\t\t\t\t\t\t<div class=\"post-content-title\">\r\n\t\t\t\t\t\t\t\tDirector\t\t\t\t\t\t\t<\/div>\r\n\t\t\t\t\t\t\t\t\t\t\t\t\t\t<div class=\"post-content-company_name\">\r\n\t\t\t\t\t\t\t\tVeg Pro International Inc.\t\t\t\t\t\t\t<\/div>\r\n\t\t\t\t\t\t\t<\/div><!-- .post-content -->\t\t\t<\/div><!-- .fvdrc-post-list -->\r\n\t\t\t\n\t\t\t<div class=\"fvdrc-post-list post-list-3569\">\r\n\t\t\t\t\t\t\t\t\t<div class=\"post-title\">\r\n\t\t\t\t\t\t\t\t\t\t\t\t\t<h3>Robert Guenther<\/h3>\r\n\t\t\t\t\t\t\t\t\t\t\t<\/div>\r\n\t\t\t\t\t<div class=\"post-content\">\t\t\t\t\t\t\t<div class=\"post-content-title\">\r\n\t\t\t\t\t\t\t\tDirector\t\t\t\t\t\t\t<\/div>\r\n\t\t\t\t\t\t\t\t\t\t\t\t\t\t<div class=\"post-content-company_name\">\r\n\t\t\t\t\t\t\t\tFlorida Tomato Committee\t\t\t\t\t\t\t<\/div>\r\n\t\t\t\t\t\t\t<\/div><!-- .post-content -->\t\t\t<\/div><!-- .fvdrc-post-list -->\r\n\t\t\t\n\t\t\t<div class=\"fvdrc-post-list post-list-3583\">\r\n\t\t\t\t\t\t\t\t\t<div class=\"post-title\">\r\n\t\t\t\t\t\t\t\t\t\t\t\t\t<h3>Agencia de Inspecci\u00f3n Alimentaria de Canad\u00e1<\/h3>\r\n\t\t\t\t\t\t\t\t\t\t\t<\/div>\r\n\t\t\t\t\t<div class=\"post-content\">\t\t\t\t\t\t\t<div class=\"post-content-title\">\r\n\t\t\t\t\t\t\t\tDirector del gobierno\/Oficial de Enlace\t\t\t\t\t\t\t<\/div>\r\n\t\t\t\t\t\t\t<\/div><!-- .post-content -->\t\t\t<\/div><!-- .fvdrc-post-list -->\r\n\t\t\t\n\t\t\t<div class=\"fvdrc-post-list post-list-3587\">\r\n\t\t\t\t\t\t\t\t\t<div class=\"post-title\">\r\n\t\t\t\t\t\t\t\t\t\t\t\t\t<h3>Secretar\u00eda de Agricultura y Desarrollo Rural<\/h3>\r\n\t\t\t\t\t\t\t\t\t\t\t<\/div>\r\n\t\t\t\t\t<div class=\"post-content\">\t\t\t\t\t\t\t<div class=\"post-content-title\">\r\n\t\t\t\t\t\t\t\tDirector del gobierno\/Oficial de Enlace\t\t\t\t\t\t\t<\/div>\r\n\t\t\t\t\t\t\t<\/div><!-- .post-content -->\t\t\t<\/div><!-- .fvdrc-post-list -->\r\n\t\t\t\n\t\t\t<div class=\"fvdrc-post-list post-list-3585\">\r\n\t\t\t\t\t\t\t\t\t<div class=\"post-title\">\r\n\t\t\t\t\t\t\t\t\t\t\t\t\t<h3>Departamento de Agricultura de EE. UU.<\/h3>\r\n\t\t\t\t\t\t\t\t\t\t\t<\/div>\r\n\t\t\t\t\t<div class=\"post-content\">\t\t\t\t\t\t\t<div class=\"post-content-title\">\r\n\t\t\t\t\t\t\t\tDirector del gobierno\/Oficial de Enlace\t\t\t\t\t\t\t<\/div>\r\n\t\t\t\t\t\t\t<\/div><!-- .post-content -->\t\t\t<\/div><!-- .fvdrc-post-list -->\r\n\t\t\t\t\t<\/div>\r\n\t\t","protected":false},"excerpt":{"rendered":"<p>La Junta Directiva elegida y el Presidente establecen las pol\u00edticas, los estatutos y las normas de comercio de la DRC. La junta est\u00e1 integrada por el Presidente de la DRC y Directores, representando a los tres pa\u00edses del TLCAN: Canad\u00e1, EE. UU. y M\u00e9xico. Al Presidente se le considera como Director ex oficio sin derecho [&hellip;]<\/p>\n","protected":false},"author":2,"featured_media":0,"parent":525,"menu_order":19,"comment_status":"closed","ping_status":"closed","template":"","meta":{"_acf_changed":false,"_coblocks_attr":"","_coblocks_dimensions":"","_coblocks_responsive_height":"","_coblocks_accordion_ie_support":"","om_disable_all_campaigns":false,"_uag_custom_page_level_css":"","_monsterinsights_skip_tracking":false,"_monsterinsights_sitenote_active":false,"_monsterinsights_sitenote_note":"","_monsterinsights_sitenote_category":0,"_uf_show_specific_survey":0,"_uf_disable_surveys":false,"footnotes":""},"class_list":["post-528","page","type-page","status-publish","hentry"],"acf":[],"aioseo_notices":[],"yoast_head":"<!-- This site is optimized with the Yoast SEO plugin v27.4 - https:\/\/yoast.com\/product\/yoast-seo-wordpress\/ -->\n<title>Junta Directiva - Fruit and Vegetable Dispute Resolution Corporation<\/title>\n<meta name=\"robots\" content=\"index, follow, max-snippet:-1, max-image-preview:large, max-video-preview:-1\" \/>\n<link rel=\"canonical\" href=\"https:\/\/fvdrc.com\/es\/acerca-de\/junta-directiva\/\" \/>\n<meta property=\"og:locale\" content=\"es_ES\" \/>\n<meta property=\"og:type\" content=\"article\" \/>\n<meta property=\"og:title\" content=\"Junta Directiva - Fruit and Vegetable Dispute Resolution Corporation\" \/>\n<meta property=\"og:description\" content=\"La Junta Directiva elegida y el Presidente establecen las pol\u00edticas, los estatutos y las normas de comercio de la DRC. La junta est\u00e1 integrada por el Presidente de la DRC y Directores, representando a los tres pa\u00edses del TLCAN: Canad\u00e1, EE. UU. y M\u00e9xico. Al Presidente se le considera como Director ex oficio sin derecho [&hellip;]\" \/>\n<meta property=\"og:url\" content=\"https:\/\/fvdrc.com\/es\/acerca-de\/junta-directiva\/\" \/>\n<meta property=\"og:site_name\" content=\"Fruit and Vegetable Dispute Resolution Corporation\" \/>\n<meta property=\"article:modified_time\" content=\"2024-06-13T19:56:33+00:00\" \/>\n<meta name=\"twitter:card\" content=\"summary_large_image\" \/>\n<meta name=\"twitter:label1\" content=\"Est. reading time\" \/>\n\t<meta name=\"twitter:data1\" content=\"1 minute\" \/>\n<script type=\"application\/ld+json\" class=\"yoast-schema-graph\">{\"@context\":\"https:\\\/\\\/schema.org\",\"@graph\":[{\"@type\":\"WebPage\",\"@id\":\"https:\\\/\\\/fvdrc.com\\\/es\\\/acerca-de\\\/junta-directiva\\\/\",\"url\":\"https:\\\/\\\/fvdrc.com\\\/es\\\/acerca-de\\\/junta-directiva\\\/\",\"name\":\"Junta Directiva - Fruit and Vegetable Dispute Resolution Corporation\",\"isPartOf\":{\"@id\":\"https:\\\/\\\/fvdrc.com\\\/#website\"},\"datePublished\":\"2016-10-04T01:58:37+00:00\",\"dateModified\":\"2024-06-13T19:56:33+00:00\",\"breadcrumb\":{\"@id\":\"https:\\\/\\\/fvdrc.com\\\/es\\\/acerca-de\\\/junta-directiva\\\/#breadcrumb\"},\"inLanguage\":\"es-ES\",\"potentialAction\":[{\"@type\":\"ReadAction\",\"target\":[\"https:\\\/\\\/fvdrc.com\\\/es\\\/acerca-de\\\/junta-directiva\\\/\"]}]},{\"@type\":\"BreadcrumbList\",\"@id\":\"https:\\\/\\\/fvdrc.com\\\/es\\\/acerca-de\\\/junta-directiva\\\/#breadcrumb\",\"itemListElement\":[{\"@type\":\"ListItem\",\"position\":1,\"name\":\"Home\",\"item\":\"https:\\\/\\\/fvdrc.com\\\/es\\\/\"},{\"@type\":\"ListItem\",\"position\":2,\"name\":\"Acerca de\",\"item\":\"https:\\\/\\\/fvdrc.com\\\/es\\\/acerca-de\\\/\"},{\"@type\":\"ListItem\",\"position\":3,\"name\":\"Junta Directiva\"}]},{\"@type\":\"WebSite\",\"@id\":\"https:\\\/\\\/fvdrc.com\\\/#website\",\"url\":\"https:\\\/\\\/fvdrc.com\\\/\",\"name\":\"Fruit and Vegetable Dispute Resolution Corporation\",\"description\":\"Trade with Confidence\",\"publisher\":{\"@id\":\"https:\\\/\\\/fvdrc.com\\\/#organization\"},\"potentialAction\":[{\"@type\":\"SearchAction\",\"target\":{\"@type\":\"EntryPoint\",\"urlTemplate\":\"https:\\\/\\\/fvdrc.com\\\/?s={search_term_string}\"},\"query-input\":{\"@type\":\"PropertyValueSpecification\",\"valueRequired\":true,\"valueName\":\"search_term_string\"}}],\"inLanguage\":\"es-ES\"},{\"@type\":\"Organization\",\"@id\":\"https:\\\/\\\/fvdrc.com\\\/#organization\",\"name\":\"Fruit and Vegetable Dispute Resolution Corporation\",\"url\":\"https:\\\/\\\/fvdrc.com\\\/\",\"logo\":{\"@type\":\"ImageObject\",\"inLanguage\":\"es-ES\",\"@id\":\"https:\\\/\\\/fvdrc.com\\\/#\\\/schema\\\/logo\\\/image\\\/\",\"url\":\"https:\\\/\\\/fvdrc.com\\\/wp-content\\\/uploads\\\/2020\\\/06\\\/DRC-logo@2x.png\",\"contentUrl\":\"https:\\\/\\\/fvdrc.com\\\/wp-content\\\/uploads\\\/2020\\\/06\\\/DRC-logo@2x.png\",\"width\":261,\"height\":140,\"caption\":\"Fruit and Vegetable Dispute Resolution Corporation\"},\"image\":{\"@id\":\"https:\\\/\\\/fvdrc.com\\\/#\\\/schema\\\/logo\\\/image\\\/\"}}]}<\/script>\n<!-- \/ Yoast SEO plugin. -->","yoast_head_json":{"title":"Junta Directiva - Fruit and Vegetable Dispute Resolution Corporation","robots":{"index":"index","follow":"follow","max-snippet":"max-snippet:-1","max-image-preview":"max-image-preview:large","max-video-preview":"max-video-preview:-1"},"canonical":"https:\/\/fvdrc.com\/es\/acerca-de\/junta-directiva\/","og_locale":"es_ES","og_type":"article","og_title":"Junta Directiva - Fruit and Vegetable Dispute Resolution Corporation","og_description":"La Junta Directiva elegida y el Presidente establecen las pol\u00edticas, los estatutos y las normas de comercio de la DRC. La junta est\u00e1 integrada por el Presidente de la DRC y Directores, representando a los tres pa\u00edses del TLCAN: Canad\u00e1, EE. UU. y M\u00e9xico. Al Presidente se le considera como Director ex oficio sin derecho [&hellip;]","og_url":"https:\/\/fvdrc.com\/es\/acerca-de\/junta-directiva\/","og_site_name":"Fruit and Vegetable Dispute Resolution Corporation","article_modified_time":"2024-06-13T19:56:33+00:00","twitter_card":"summary_large_image","twitter_misc":{"Est. reading time":"1 minute"},"schema":{"@context":"https:\/\/schema.org","@graph":[{"@type":"WebPage","@id":"https:\/\/fvdrc.com\/es\/acerca-de\/junta-directiva\/","url":"https:\/\/fvdrc.com\/es\/acerca-de\/junta-directiva\/","name":"Junta Directiva - Fruit and Vegetable Dispute Resolution Corporation","isPartOf":{"@id":"https:\/\/fvdrc.com\/#website"},"datePublished":"2016-10-04T01:58:37+00:00","dateModified":"2024-06-13T19:56:33+00:00","breadcrumb":{"@id":"https:\/\/fvdrc.com\/es\/acerca-de\/junta-directiva\/#breadcrumb"},"inLanguage":"es-ES","potentialAction":[{"@type":"ReadAction","target":["https:\/\/fvdrc.com\/es\/acerca-de\/junta-directiva\/"]}]},{"@type":"BreadcrumbList","@id":"https:\/\/fvdrc.com\/es\/acerca-de\/junta-directiva\/#breadcrumb","itemListElement":[{"@type":"ListItem","position":1,"name":"Home","item":"https:\/\/fvdrc.com\/es\/"},{"@type":"ListItem","position":2,"name":"Acerca de","item":"https:\/\/fvdrc.com\/es\/acerca-de\/"},{"@type":"ListItem","position":3,"name":"Junta Directiva"}]},{"@type":"WebSite","@id":"https:\/\/fvdrc.com\/#website","url":"https:\/\/fvdrc.com\/","name":"Fruit and Vegetable Dispute Resolution Corporation","description":"Trade with Confidence","publisher":{"@id":"https:\/\/fvdrc.com\/#organization"},"potentialAction":[{"@type":"SearchAction","target":{"@type":"EntryPoint","urlTemplate":"https:\/\/fvdrc.com\/?s={search_term_string}"},"query-input":{"@type":"PropertyValueSpecification","valueRequired":true,"valueName":"search_term_string"}}],"inLanguage":"es-ES"},{"@type":"Organization","@id":"https:\/\/fvdrc.com\/#organization","name":"Fruit and Vegetable Dispute Resolution Corporation","url":"https:\/\/fvdrc.com\/","logo":{"@type":"ImageObject","inLanguage":"es-ES","@id":"https:\/\/fvdrc.com\/#\/schema\/logo\/image\/","url":"https:\/\/fvdrc.com\/wp-content\/uploads\/2020\/06\/DRC-logo@2x.png","contentUrl":"https:\/\/fvdrc.com\/wp-content\/uploads\/2020\/06\/DRC-logo@2x.png","width":261,"height":140,"caption":"Fruit and Vegetable Dispute Resolution Corporation"},"image":{"@id":"https:\/\/fvdrc.com\/#\/schema\/logo\/image\/"}}]}},"featured_image_src":null,"featured_image_src_square":null,"uagb_featured_image_src":{"full":false,"thumbnail":false,"medium":false,"medium_large":false,"large":false,"gs-tiny":false,"xl":false,"xxl":false,"xxxl":false,"xxxxl":false,"xxxxxl":false,"1536x1536":false,"2048x2048":false,"gb-block-post-grid-landscape":false,"gb-block-post-grid-square":false,"post-thumbnail":false,"twentytwenty-fullscreen":false},"uagb_author_info":{"display_name":"DRC","author_link":"https:\/\/fvdrc.com\/es\/solutions\/author\/drc\/"},"uagb_comment_info":0,"uagb_excerpt":"La Junta Directiva elegida y el Presidente establecen las pol\u00edticas, los estatutos y las normas de comercio de la DRC. La junta est\u00e1 integrada por el Presidente de la DRC y Directores, representando a los tres pa\u00edses del TLCAN: Canad\u00e1, EE. UU. y M\u00e9xico. Al Presidente se le considera como Director ex oficio sin derecho&hellip;","_links":{"self":[{"href":"https:\/\/fvdrc.com\/es\/wp-json\/wp\/v2\/pages\/528","targetHints":{"allow":["GET"]}}],"collection":[{"href":"https:\/\/fvdrc.com\/es\/wp-json\/wp\/v2\/pages"}],"about":[{"href":"https:\/\/fvdrc.com\/es\/wp-json\/wp\/v2\/types\/page"}],"author":[{"embeddable":true,"href":"https:\/\/fvdrc.com\/es\/wp-json\/wp\/v2\/users\/2"}],"replies":[{"embeddable":true,"href":"https:\/\/fvdrc.com\/es\/wp-json\/wp\/v2\/comments?post=528"}],"version-history":[{"count":8,"href":"https:\/\/fvdrc.com\/es\/wp-json\/wp\/v2\/pages\/528\/revisions"}],"predecessor-version":[{"id":10586,"href":"https:\/\/fvdrc.com\/es\/wp-json\/wp\/v2\/pages\/528\/revisions\/10586"}],"up":[{"embeddable":true,"href":"https:\/\/fvdrc.com\/es\/wp-json\/wp\/v2\/pages\/525"}],"wp:attachment":[{"href":"https:\/\/fvdrc.com\/es\/wp-json\/wp\/v2\/media?parent=528"}],"curies":[{"name":"wp","href":"https:\/\/api.w.org\/{rel}","templated":true}]}}